{"id":352,"date":"2012-04-09T11:55:44","date_gmt":"2012-04-09T11:55:44","guid":{"rendered":"http:\/\/www.boehlk.eu\/mittelalterorte\/?page_id=352"},"modified":"2022-02-04T11:22:33","modified_gmt":"2022-02-04T10:22:33","slug":"der-waldauer-konigshof-im-spiegel-neuer-erkenntnisse-zu-frankischen-verteidigungsanlagen","status":"publish","type":"page","link":"https:\/\/www.boehlk.eu\/mittelalterorte\/der-waldauer-konigshof-im-spiegel-neuer-erkenntnisse-zu-frankischen-verteidigungsanlagen\/","title":{"rendered":"Der Waldauer K\u00f6nigshof im Spiegel neuer Erkenntnisse zu fr\u00e4nkischen Verteidigungsanlagen"},"content":{"rendered":"<p>Der Bernburger Stadtteil Waldau spielte scheinbar bei der Entstehung der hochmittelalterlichen Stadt Bernburg eine erheblich gr\u00f6\u00dfere Rolle als bisher angenommen wurde. Hier befand sich der westliche der beiden f\u00fcr die spiegelbildliche Gestalt des Bernburger Stadtgrundrisses verantwortlichen fr\u00fchmittelalterlichen Spannungspole.<br \/>\nDer Kern dieses &#8222;Kraftfeldes&#8220; kann in dem in Waldau mit hoher Wahrscheinlichkeit vermuteten K\u00f6nigshof lokalisiert werden, der offensichtlich bereits im 10. Jh. als Gernr\u00f6der Klosterhof weitergef\u00fchrt wurde. Das Vorhandensein einer Martinskapelle in diesem Hof und einer <a title=\"St. Stephan in Waldau \u2013 eine Kirche mit langer Geschichte\" href=\"http:\/\/www.boehlk.eu\/mittelalterorte\/st-stephan-bernburg-waldau\/\">Stephanskirche<\/a> in der dazugeh\u00f6rigen Siedlung l\u00e4sst den Schluss zu, dass diese Anlage bereits auf fr\u00e4nkische Urspr\u00fcnge zur\u00fcckgeht<span class=\"footnote_referrer\"><a role=\"button\" tabindex=\"0\" onclick=\"footnote_moveToReference_352_1('footnote_plugin_reference_352_1_1');\" onkeypress=\"footnote_moveToReference_352_1('footnote_plugin_reference_352_1_1');\" ><sup id=\"footnote_plugin_tooltip_352_1_1\" class=\"footnote_plugin_tooltip_text\">[1]<\/sup><\/a><span id=\"footnote_plugin_tooltip_text_352_1_1\" class=\"footnote_tooltip\">Neuss, Erich (1969): Die Gr\u00fcndung des Erzbistums Magdeburg und die Anf\u00e4nge des Christentums im erzstiftischen S\u00fcdterritorium (Saalkreis). In: Franz Schrader (Hg.): Beitr\u00e4ge zur Geschichte des&nbsp;&#x2026; <span class=\"footnote_tooltip_continue\"  onclick=\"footnote_moveToReference_352_1('footnote_plugin_reference_352_1_1');\">Continue reading<\/span><\/span><\/span><script type=\"text\/javascript\"> jQuery('#footnote_plugin_tooltip_352_1_1').tooltip({ tip: '#footnote_plugin_tooltip_text_352_1_1', tipClass: 'footnote_tooltip', effect: 'fade', predelay: 0, fadeInSpeed: 200, delay: 400, fadeOutSpeed: 200, position: 'top center', relative: true, offset: [-7, 0], });<\/script>.<\/p>\n<p>Zus\u00e4tzlich gest\u00fctzt wird diese Vermutung, wenn man die im &#8222;Chronicon Moissiacense&#8220; und im &#8222;Chronicon Anianense&#8220; genannte Ortsbezeichnung &#8222;uualadala&#8220; auf das Bernburger Waldau bezieht. Dann h\u00e4tte im Jahr 806 die gesamte Feldzugskampagne der Franken gegen die slawischen St\u00e4mme \u00f6stlich der Saale mit einem &#8222;conuentum magnum&#8220; (Chronicon Anianense), einer gro\u00dfen (Heeres)Versammlung oder auch Heerschau begonnen, die Karl der J\u00fcngere, der Sohn Karls des Gro\u00dfen hier abhielt, nachdem er \u00fcber Th\u00fcringen herangezogen war<span class=\"footnote_referrer\"><a role=\"button\" tabindex=\"0\" onclick=\"footnote_moveToReference_352_1('footnote_plugin_reference_352_1_2');\" onkeypress=\"footnote_moveToReference_352_1('footnote_plugin_reference_352_1_2');\" ><sup id=\"footnote_plugin_tooltip_352_1_2\" class=\"footnote_plugin_tooltip_text\">[2]<\/sup><\/a><span id=\"footnote_plugin_tooltip_text_352_1_2\" class=\"footnote_tooltip\">Kettemann, Walter (2000): Subsidia Anianensia. Duisburg, 2000. Online verf\u00fcgbar unter http:\/\/duepublico.uni-duisburg-essen.de\/servlets\/DerivateServlet\/Derivate-19910\/Kettemann_Diss.pdf \u00a0S. Beilage&nbsp;&#x2026; <span class=\"footnote_tooltip_continue\"  onclick=\"footnote_moveToReference_352_1('footnote_plugin_reference_352_1_2');\">Continue reading<\/span><\/span><\/span><script type=\"text\/javascript\"> jQuery('#footnote_plugin_tooltip_352_1_2').tooltip({ tip: '#footnote_plugin_tooltip_text_352_1_2', tipClass: 'footnote_tooltip', effect: 'fade', predelay: 0, fadeInSpeed: 200, delay: 400, fadeOutSpeed: 200, position: 'top center', relative: true, offset: [-7, 0], });<\/script>.<\/p>\n<div style=\"width: 538px\" class=\"wp-caption alignnone\"><a href=\"http:\/\/de.wikipedia.org\/w\/index.php?title=Datei:Moissac_6.jpg&amp;filetimestamp=20070625101154\"><img loading=\"lazy\" decoding=\"async\" class=\"  \" src=\"http:\/\/upload.wikimedia.org\/wikipedia\/commons\/thumb\/6\/64\/Moissac_6.jpg\/800px-Moissac_6.jpg\" alt=\"\" width=\"528\" height=\"396\" \/><\/a><p class=\"wp-caption-text\">Moissac, Kreuzgang der Abtei (Quelle: Wikipedia, Autor: Benutzer Membeth, public domain)<\/p><\/div>\n<p>Die in den Schilderungen benutzte Ortsangabe &#8222;locum qui uocatur uualadala&#8220; ist allgemein gehalten und l\u00e4sst keine R\u00fcckschl\u00fcsse \u00fcber die dort vorhandene Infrastruktur zu<span class=\"footnote_referrer\"><a role=\"button\" tabindex=\"0\" onclick=\"footnote_moveToReference_352_1('footnote_plugin_reference_352_1_3');\" onkeypress=\"footnote_moveToReference_352_1('footnote_plugin_reference_352_1_3');\" ><sup id=\"footnote_plugin_tooltip_352_1_3\" class=\"footnote_plugin_tooltip_text\">[3]<\/sup><\/a><span id=\"footnote_plugin_tooltip_text_352_1_3\" class=\"footnote_tooltip\">Sch\u00fctte, Bernd (2007): Quellenkritische Untersuchungen zur Ersterw\u00e4hnung von Halle\/S, im Jahre 806., S. 24<\/span><\/span><script type=\"text\/javascript\"> jQuery('#footnote_plugin_tooltip_352_1_3').tooltip({ tip: '#footnote_plugin_tooltip_text_352_1_3', tipClass: 'footnote_tooltip', effect: 'fade', predelay: 0, fadeInSpeed: 200, delay: 400, fadeOutSpeed: 200, position: 'top center', relative: true, offset: [-7, 0], });<\/script>.<\/p>\n<p>Wasserwege besa\u00dfen scheinbar f\u00fcr die Franken eine erhebliche Bedeutung beim Transport von milit\u00e4rischem Material<span class=\"footnote_referrer\"><a role=\"button\" tabindex=\"0\" onclick=\"footnote_moveToReference_352_1('footnote_plugin_reference_352_1_4');\" onkeypress=\"footnote_moveToReference_352_1('footnote_plugin_reference_352_1_4');\" ><sup id=\"footnote_plugin_tooltip_352_1_4\" class=\"footnote_plugin_tooltip_text\">[4]<\/sup><\/a><span id=\"footnote_plugin_tooltip_text_352_1_4\" class=\"footnote_tooltip\">Ettel (2005): S. 139<\/span><\/span><script type=\"text\/javascript\"> jQuery('#footnote_plugin_tooltip_352_1_4').tooltip({ tip: '#footnote_plugin_tooltip_text_352_1_4', tipClass: 'footnote_tooltip', effect: 'fade', predelay: 0, fadeInSpeed: 200, delay: 400, fadeOutSpeed: 200, position: 'top center', relative: true, offset: [-7, 0], });<\/script>. Es w\u00e4re deshalb durchaus m\u00f6glich, dass die Saale als Weg f\u00fcr den Anmarsch des fr\u00e4nkischen Kernverbandes genutzt wurde, wie es vorher vielleicht schon die R\u00f6mer auf ihrem Zug an die Elbe taten <span class=\"footnote_referrer\"><a role=\"button\" tabindex=\"0\" onclick=\"footnote_moveToReference_352_1('footnote_plugin_reference_352_1_5');\" onkeypress=\"footnote_moveToReference_352_1('footnote_plugin_reference_352_1_5');\" ><sup id=\"footnote_plugin_tooltip_352_1_5\" class=\"footnote_plugin_tooltip_text\">[5]<\/sup><\/a><span id=\"footnote_plugin_tooltip_text_352_1_5\" class=\"footnote_tooltip\">Springer, Matthias (2009): Zwischen (H)Ermunduren und Th\u00fcringern besteht kein Zusammenhang, 01.01.2009, S. 153<\/span><\/span><script type=\"text\/javascript\"> jQuery('#footnote_plugin_tooltip_352_1_5').tooltip({ tip: '#footnote_plugin_tooltip_text_352_1_5', tipClass: 'footnote_tooltip', effect: 'fade', predelay: 0, fadeInSpeed: 200, delay: 400, fadeOutSpeed: 200, position: 'top center', relative: true, offset: [-7, 0], });<\/script>.<br \/>\nDann k\u00f6nnte der Zwischenstopp in &#8222;uualadala&#8220; dazu gedient haben, das Heer vom wassergest\u00fctzten &#8222;Marschmodus&#8220; in den landgest\u00fctzten &#8222;Operations-Modus&#8220; in feindlichem Gel\u00e4nde umzur\u00fcsten.<\/p>\n<p>Aus einem Gestellungs- und Mobilisierungsbefehl von Kaiser Karl an Fulrad, den Abt des Klosters <a title=\"Kloster Niederaltaich\" href=\"http:\/\/de.wikipedia.org\/wiki\/Kloster_Niederaltaich\" target=\"_blank\" rel=\"noopener\">Niederalteich bei Regensburg<\/a>, erfahren wir, dass die von ihm befehligten Mannschaften mitbringen sollten: \u201eWaffen, Werkzeug und \u00fcbriges Ger\u00e4t, Verpflegung und Bekleidung (cum armis atque utensilibus nec non et cetero instrumento bellico, victualibus et vestimentis) [&#8230;]&#8220;, sodass jeder Reiter verf\u00fcgbar habe: &#8222;[&#8230;] Schild, Lanze, Lang- und Kurzschwert, Bogen mit K\u00f6cher und Pfeilen&#8220;.<\/p>\n<div style=\"width: 810px\" class=\"wp-caption aligncenter\"><a href=\"http:\/\/de.wikipedia.org\/w\/index.php?title=Datei:Frankish_arms.JPG&amp;filetimestamp=20090120174024\"><img loading=\"lazy\" decoding=\"async\" class=\" \" src=\"http:\/\/upload.wikimedia.org\/wikipedia\/commons\/thumb\/a\/a0\/Frankish_arms.JPG\/800px-Frankish_arms.JPG\" alt=\"\" width=\"800\" height=\"600\" \/><\/a><p class=\"wp-caption-text\">Typische Bewaffnung eines fr\u00e4nkischen F\u00fcrsten der Merowingerzeit mit Spatha, Sax, Franziska, Spangenhelm, Lanzenspitze und Schildbuckel, Germanisches Nationalmuseum, N\u00fcrnberg (Quelle: Wikipedia, Autor: Benutzer Altaipanther, public domain)<\/p><\/div>\n<p>Auf Wagen (carri) sollten auch Werkzeuge mitgef\u00fchrt werden wie: &#8222;\u00c4xte, Hobel, Bohrer, Beile, Hacken, eiserne Spaten und das \u00fcbrige Ger\u00e4t, das dem Angriff dienlich ist. Diese Werkzeuge wurden auf drei Monate, die Waffen und die Bekleidung auf ein halbes Jahr berechnet<span class=\"footnote_referrer\"><a role=\"button\" tabindex=\"0\" onclick=\"footnote_moveToReference_352_1('footnote_plugin_reference_352_1_6');\" onkeypress=\"footnote_moveToReference_352_1('footnote_plugin_reference_352_1_6');\" ><sup id=\"footnote_plugin_tooltip_352_1_6\" class=\"footnote_plugin_tooltip_text\">[6]<\/sup><\/a><span id=\"footnote_plugin_tooltip_text_352_1_6\" class=\"footnote_tooltip\">Tautscher, Anton (1974): Wirtschaftsgeschichte \u00d6sterreichs auf der Grundlage abendl\u00e4ndischer Kulturgeschichte. Berlin: Duncker und Humblot (Tautscher 1974, S. 99\u2013100)<\/span><\/span><script type=\"text\/javascript\"> jQuery('#footnote_plugin_tooltip_352_1_6').tooltip({ tip: '#footnote_plugin_tooltip_text_352_1_6', tipClass: 'footnote_tooltip', effect: 'fade', predelay: 0, fadeInSpeed: 200, delay: 400, fadeOutSpeed: 200, position: 'top center', relative: true, offset: [-7, 0], });<\/script>,<span class=\"footnote_referrer\"><a role=\"button\" tabindex=\"0\" onclick=\"footnote_moveToReference_352_1('footnote_plugin_reference_352_1_7');\" onkeypress=\"footnote_moveToReference_352_1('footnote_plugin_reference_352_1_7');\" ><sup id=\"footnote_plugin_tooltip_352_1_7\" class=\"footnote_plugin_tooltip_text\">[7]<\/sup><\/a><span id=\"footnote_plugin_tooltip_text_352_1_7\" class=\"footnote_tooltip\">Peucker, Eduard von (1860): Das deutsche Kriegswesen der Urzeiten in seinen Verbindungen und Wechselwirkungen mit dem gleichzeitigen Staats- und Volksleben. Berlin: Decker S. 186<\/span><\/span><script type=\"text\/javascript\"> jQuery('#footnote_plugin_tooltip_352_1_7').tooltip({ tip: '#footnote_plugin_tooltip_text_352_1_7', tipClass: 'footnote_tooltip', effect: 'fade', predelay: 0, fadeInSpeed: 200, delay: 400, fadeOutSpeed: 200, position: 'top center', relative: true, offset: [-7, 0], });<\/script>\u201c.<\/p>\n<div style=\"width: 340px\" class=\"wp-caption alignright\"><a href=\"http:\/\/de.wikipedia.org\/w\/index.php?title=Datei:Karolingische-reiterei-st-gallen-stiftsbibliothek_1-330x400.jpg&amp;filetimestamp=20060312144548\"><img loading=\"lazy\" decoding=\"async\" class=\" \" src=\"http:\/\/upload.wikimedia.org\/wikipedia\/commons\/f\/ff\/Karolingische-reiterei-st-gallen-stiftsbibliothek_1-330x400.jpg\" alt=\"\" width=\"330\" height=\"400\" \/><\/a><p class=\"wp-caption-text\">Karolingische Reiterei Psalterium Aureum, St. Gallen, Stiftsbibliothek, Cod. 22, saec. IXex, S. 140 \u2013 als Illustration zu Ps 60 (Feldzug des Joab); Handschrift des 9. Jahrhunderts (Quelle: Wikipedia, Autor: Technische Bearbeitung Benutzer wolpertinger, public domain)<\/p><\/div>\n<p>Anton Tautscher datierte diesen Aufruf in das Jahr 802 und somit in die letzte Phase der Sachsenkriege. Der Marsch sollte \u201einfra Saxoniam in Orientali parie, super fluoium Rota (Bota) in loco qui dicitur Starasfurt\u201c f\u00fchren <span class=\"footnote_referrer\"><a role=\"button\" tabindex=\"0\" onclick=\"footnote_moveToReference_352_1('footnote_plugin_reference_352_1_8');\" onkeypress=\"footnote_moveToReference_352_1('footnote_plugin_reference_352_1_8');\" ><sup id=\"footnote_plugin_tooltip_352_1_8\" class=\"footnote_plugin_tooltip_text\">[8]<\/sup><\/a><span id=\"footnote_plugin_tooltip_text_352_1_8\" class=\"footnote_tooltip\">von Peucker (1860): S. 186<\/span><\/span><script type=\"text\/javascript\"> jQuery('#footnote_plugin_tooltip_352_1_8').tooltip({ tip: '#footnote_plugin_tooltip_text_352_1_8', tipClass: 'footnote_tooltip', effect: 'fade', predelay: 0, fadeInSpeed: 200, delay: 400, fadeOutSpeed: 200, position: 'top center', relative: true, offset: [-7, 0], });<\/script>, womit Sta\u00dffurt gemeint sein d\u00fcrfte, welches somit in diesem Jahr sein 1210-j\u00e4hriges Jubil\u00e4um feiern k\u00f6nnte.<\/p>\n<p>Neben den detailliert genannten Ausr\u00fcstungsgenst\u00e4nden k\u00f6nnen wir dem Text entnehmen, dass die Bef\u00f6rderung des Materials auf \u201ecarri\u201c erfolgte. Das hei\u00dft aber nicht, dass nicht f\u00fcr den Antransport der schweren Ausr\u00fcstung der Wasserweg benutzt wurde. Die schon bei den R\u00f6mern bekannten flachbodigen Lastk\u00e4hne erlaubten das schnelle Beladen mit Landfahrzeugen, \u00e4hnlich wie bei den heutigen Fluss-Autof\u00e4hren. Die mitgebrachten Wagen dienten wohl eher dazu, das offensichtlich f\u00fcr den Bau von Holz-Erde-Befestigungsanlagen ben\u00f6tigte Werkzeug auch w\u00e4hrend des Angriffes in der N\u00e4he der Reiter halten zu k\u00f6nnen.<\/p>\n<div style=\"width: 650px\" class=\"wp-caption aligncenter\"><a href=\"http:\/\/commons.wikimedia.org\/wiki\/File:Roemische-Prahm_Mogontiacum.jpg?uselang=de\" rel=\"lightbox[352]\"><img loading=\"lazy\" decoding=\"async\" class=\"   \" src=\"http:\/\/upload.wikimedia.org\/wikipedia\/commons\/thumb\/a\/aa\/Roemische-Prahm_Mogontiacum.jpg\/640px-Roemische-Prahm_Mogontiacum.jpg?uselang=de\" alt=\"\" width=\"640\" height=\"450\" \/><\/a><p class=\"wp-caption-text\">Modell (vorne) und Originalfundst\u00fcck (hinten rechts) eines r\u00f6mischen Lastkahns (Plattbodenschiff, Prahm) aus dem 1. Jahrhundert. (Quelle: Wikipedia Urheber: Martin Baumann Lizenz: cc-by-sa Creative Commons-Lizenz Namensnennung-Weitergabe unter gleichen Bedingungen 3.0 Unported)<\/p><\/div>\n<p>Diese interessante Quelle beschreibt hervorragend die Ausstattung und Taktik der aus gro\u00dfer Entfernung (aus der Gegend um Regensburg) nach Sta\u00dffurt herangef\u00fchrten fr\u00e4nkischen Kerntruppe, nur wenige Jahre vor dem Waldauer Feldzug.<\/p>\n<p>Die genannte Einheit bestand wohl vor allem aus schwerbewaffneten Reitern. Man war aber, dank des mitgef\u00fchrten Werkzeuges, auch jederzeit in der Lage, Befestigungen zu errichten.<\/p>\n<p>Die Dauer dieser Milit\u00e4raktion wird mit einer Kernaktivit\u00e4t von drei Monaten und einer Bauphase f\u00fcr Befestigungen, welche ein halbes Jahr dauert, angegeben.<\/p>\n<p>Der von Waldau ausgehende fr\u00e4nkische Vorsto\u00df im Jahr 806 wird als erste gro\u00dfe Handlung des Sorbenfeldzuges sicher mit besonderer Massivit\u00e4t erfolgt sein. Bedeutsam ist auch, dass sich das Heer von Waldau aus teilte: W\u00e4hrend einige (Reiter?)Scharen (manche Autoren halten die in diesem Zusammenhang genannten &#8222;scarae&#8220; auch f\u00fcr besondere Spezialeinheiten<span class=\"footnote_referrer\"><a role=\"button\" tabindex=\"0\" onclick=\"footnote_moveToReference_352_1('footnote_plugin_reference_352_1_9');\" onkeypress=\"footnote_moveToReference_352_1('footnote_plugin_reference_352_1_9');\" ><sup id=\"footnote_plugin_tooltip_352_1_9\" class=\"footnote_plugin_tooltip_text\">[9]<\/sup><\/a><span id=\"footnote_plugin_tooltip_text_352_1_9\" class=\"footnote_tooltip\">Siehe zu &#8222;scara&#8220; auch Bachrach, Bernard S. (2001): Early Carolingian warfare. Prelude to empire. Philadelphia, Pa: Univ. of Pennsylvania Press (The Middle Ages series). S. 80-82<\/span><\/span><script type=\"text\/javascript\"> jQuery('#footnote_plugin_tooltip_352_1_9').tooltip({ tip: '#footnote_plugin_tooltip_text_352_1_9', tipClass: 'footnote_tooltip', effect: 'fade', predelay: 0, fadeInSpeed: 200, delay: 400, fadeOutSpeed: 200, position: 'top center', relative: true, offset: [-7, 0], });<\/script>)\u00a0\u00fcber die Elbe hinaus geschickt wurden, wandte sich Karl der J\u00fcngere mit der Hauptmacht gegen das Hinterland des unteren \u00f6stlichen Saaleufers. Dies ist wiederum ein Hinweis, dass die Anzahl der in Waldau versammelten K\u00e4mpfer als nicht zu gering erachtet werden muss.<\/p>\n<p>Die Wirkung des fr\u00e4nkischen Heeres beschreibt eindrucksvoll ein Auszug aus dem\u00a0883 entstandenen Werk &#8222;<em>Gesta Karoli Magni<\/em>&#8220; des\u00a0Notker I. von St. Gallen mit sicher literarisch \u00fcbersteigerten aber im Kern doch authentischen Worten: &#8222;<em>K\u00f6nig Desiderius nebst der zu ihm geflohene fr\u00e4nkische dux Autchar beobachteten von einen hohen Turme aus die Ankunft des riesigen fr\u00e4nkischen Heeres. Sie sahen den Tro\u00df, das Aufgebot der V\u00f6lker, die Palastgarde, Bisch\u00f6fe und \u00c4bte. Schlie\u00dflich erschien der &#8218;eiserne Karl&#8216; selbst, mit Panzer, Beinschienen, Lanze und Schwert. Das Eisen f\u00fcllte die ganze Ebene aus und warf den Glanz der Sonne zur\u00fcck. \u00dcberall sah man Eisen, und wegen dieses Eisens erzitterten die Mauern und der Mut der Jungen, selbst der Rat der Alten verging vor all diesem Eisen.<span class=\"footnote_referrer\"><a role=\"button\" tabindex=\"0\" onclick=\"footnote_moveToReference_352_1('footnote_plugin_reference_352_1_10');\" onkeypress=\"footnote_moveToReference_352_1('footnote_plugin_reference_352_1_10');\" ><sup id=\"footnote_plugin_tooltip_352_1_10\" class=\"footnote_plugin_tooltip_text\">[10]<\/sup><\/a><span id=\"footnote_plugin_tooltip_text_352_1_10\" class=\"footnote_tooltip\">Quelle: Wikipedia &#8211; <span class=\"footnote_url_wrap\">http:\/\/de.wikipedia.org\/wiki\/Panzerreiter<\/span><\/span><\/span><script type=\"text\/javascript\"> jQuery('#footnote_plugin_tooltip_352_1_10').tooltip({ tip: '#footnote_plugin_tooltip_text_352_1_10', tipClass: 'footnote_tooltip', effect: 'fade', predelay: 0, fadeInSpeed: 200, delay: 400, fadeOutSpeed: 200, position: 'top center', relative: true, offset: [-7, 0], });<\/script><\/em>\u201c<\/p>\n<p>Aus praktischen Gr\u00fcnden kamen die Teilnehmer der Milit\u00e4raktion sicher nicht nur Personen infrage, die \u00fcber gro\u00dfe Strecken heranmarschiert waren. Vielmehr ist davon auszugehen, dass eine berittene fr\u00e4nkische Kern- und F\u00fchrungsmannschaft in Waldau mit Hilfstruppen aus dem n\u00f6rdlichen Harzvorland verst\u00e4rkt wurde. Quellen berichten davon, dass neben Sachsen und anderen Germanen sogar auch Slawen unter fr\u00e4nkischem Oberbefehl standen<span class=\"footnote_referrer\"><a role=\"button\" tabindex=\"0\" onclick=\"footnote_moveToReference_352_1('footnote_plugin_reference_352_1_11');\" onkeypress=\"footnote_moveToReference_352_1('footnote_plugin_reference_352_1_11');\" ><sup id=\"footnote_plugin_tooltip_352_1_11\" class=\"footnote_plugin_tooltip_text\">[11]<\/sup><\/a><span id=\"footnote_plugin_tooltip_text_352_1_11\" class=\"footnote_tooltip\">Henning, Joachim (2011): Das Kastell contra Magadaburg von 806 AD und die karolingischen Kastelle an der Elbe-Saale-Grenze. Ausgrabungen auf dem Weinberg von Hohenwarthe. Frankfurt am Main. In:&nbsp;&#x2026; <span class=\"footnote_tooltip_continue\"  onclick=\"footnote_moveToReference_352_1('footnote_plugin_reference_352_1_11');\">Continue reading<\/span><\/span><\/span><script type=\"text\/javascript\"> jQuery('#footnote_plugin_tooltip_352_1_11').tooltip({ tip: '#footnote_plugin_tooltip_text_352_1_11', tipClass: 'footnote_tooltip', effect: 'fade', predelay: 0, fadeInSpeed: 200, delay: 400, fadeOutSpeed: 200, position: 'top center', relative: true, offset: [-7, 0], });<\/script>.<\/p>\n<div id=\"attachment_368\" style=\"width: 214px\" class=\"wp-caption alignright\"><a href=\"http:\/\/www.boehlk.eu\/mittelalterorte\/files\/2012\/04\/lage-bernburg-umgebung.jpg\" rel=\"lightbox[352]\"><img loading=\"lazy\" decoding=\"async\" aria-describedby=\"caption-attachment-368\" class=\"size-medium wp-image-368 \" src=\"http:\/\/www.boehlk.eu\/mittelalterorte\/files\/2012\/04\/lage-bernburg-umgebung-204x300.jpg\" alt=\"\" width=\"204\" height=\"300\" srcset=\"https:\/\/www.boehlk.eu\/mittelalterorte\/files\/2012\/04\/lage-bernburg-umgebung-204x300.jpg 204w, https:\/\/www.boehlk.eu\/mittelalterorte\/files\/2012\/04\/lage-bernburg-umgebung.jpg 546w\" sizes=\"auto, (max-width: 204px) 100vw, 204px\" \/><\/a><p id=\"caption-attachment-368\" class=\"wp-caption-text\">Fr\u00fchmittelalterliche Befestigungen um Bernburg. Karte: Olaf B\u00f6hlk, Kartendaten: \u00a9 OpenStreetMap cc-by-sa<\/p><\/div>\n<p>Auch wenn die eintreffenden Krieger angehalten waren, ihre Ausr\u00fcstung selbst mitzubringen (siehe oben) muss in diesem Zusammenhang sicher das Material der neu zum Heer Hinzugekommenen gepr\u00fcft und erg\u00e4nzt werden, vielleicht auch mit Dingen, welche zuvor in Waldau und seiner Umgebung hergestellt oder gelagert wurden.<br \/>\nIn diesem Zusammenhang ist nat\u00fcrlich auch das Vorhandensein eines weiteren mutma\u00dflich fr\u00e4nkischen K\u00f6nigshofes, der \u201evilla Aderstede<span class=\"footnote_referrer\"><a role=\"button\" tabindex=\"0\" onclick=\"footnote_moveToReference_352_1('footnote_plugin_reference_352_1_12');\" onkeypress=\"footnote_moveToReference_352_1('footnote_plugin_reference_352_1_12');\" ><sup id=\"footnote_plugin_tooltip_352_1_12\" class=\"footnote_plugin_tooltip_text\">[12]<\/sup><\/a><span id=\"footnote_plugin_tooltip_text_352_1_12\" class=\"footnote_tooltip\">Grimm, Paul (1958): Die vor- und fr\u00fchgeschichtlichen Burgw\u00e4lle der Bezirke Halle und Magdeburg. Berlin: Akad.-Verl. (Handbuch vor- und fr\u00fchgeschichtlicher Wall- und Wehranlagen, 1) S. 201<\/span><\/span><script type=\"text\/javascript\"> jQuery('#footnote_plugin_tooltip_352_1_12').tooltip({ tip: '#footnote_plugin_tooltip_text_352_1_12', tipClass: 'footnote_tooltip', effect: 'fade', predelay: 0, fadeInSpeed: 200, delay: 400, fadeOutSpeed: 200, position: 'top center', relative: true, offset: [-7, 0], });<\/script>\u201c, im nur drei Kilometer flussaufw\u00e4rts liegenden Aderstedt und auch das 12 Kilometer westlich liegende und oben bereits erw\u00e4hnte \u201eStarasfurt\u201c von gro\u00dfer Bedeutung.<\/p>\n<p>Die verb\u00fcndeten lokalen Kontingente wurden sicher nach ihren F\u00e4higkeiten in die bestehende Mannschaft integriert. Dazu war auch eine gewisse Organisation notwendig, die Zeit in Anspruch nahm.<\/p>\n<p>Eine gro\u00dfe Zahl von Menschen musste also \u00fcber einen gewissen Zeitraum untergebracht, versorgt und vor Angriffen des Gegners gesch\u00fctzt werden. Waldau bot daf\u00fcr scheinbar mit seinem von Th\u00fcringern besiedelten und wohl schon zuvor in Teilen christianisiertem westlichen Hinterland und den dort vorherrschenden fruchtbaren B\u00f6den gute Voraussetzungen. Auch sp\u00e4ter spielte das westliche Saaleufer bei Bernburg immer wieder eine wichtige Rolle als Aufenthaltsort f\u00fcr Heere: 993 sammelte Otto III. vermutlich bei Nienburg sein Heer f\u00fcr den Zug nach der Brandenburg <span class=\"footnote_referrer\"><a role=\"button\" tabindex=\"0\" onclick=\"footnote_moveToReference_352_1('footnote_plugin_reference_352_1_13');\" onkeypress=\"footnote_moveToReference_352_1('footnote_plugin_reference_352_1_13');\" ><sup id=\"footnote_plugin_tooltip_352_1_13\" class=\"footnote_plugin_tooltip_text\">[13]<\/sup><\/a><span id=\"footnote_plugin_tooltip_text_352_1_13\" class=\"footnote_tooltip\">Assing, Helmut (1993): Die R\u00e4tsel der ersten Potsdamer Urkunde. In: Jahrbuch f\u00fcr brandenburgische Landesgeschichte (44), S. 19<\/span><\/span><script type=\"text\/javascript\"> jQuery('#footnote_plugin_tooltip_352_1_13').tooltip({ tip: '#footnote_plugin_tooltip_text_352_1_13', tipClass: 'footnote_tooltip', effect: 'fade', predelay: 0, fadeInSpeed: 200, delay: 400, fadeOutSpeed: 200, position: 'top center', relative: true, offset: [-7, 0], });<\/script>, Jahrhunderte sp\u00e4ter, im 30-j\u00e4hrigen Krieg, diente das Waldauer Hinterland als Aufenthaltsort des kaiserlichen Heeres und noch in der j\u00fcngsten Vergangenheit wurde ein Teil Waldaus als sowjetische Garnison genutzt.<\/p>\n<p>Als Schutz vor Pr\u00e4ventivschl\u00e4gen der Gegenseite wird der Ort der Vorbereitung des Kriegszuges durch eine Verteidigungsanlage gesichert worden sein, auch wenn diese vielleicht nur tempor\u00e4r bestand.<\/p>\n<p>Arch\u00e4ologische Untersuchungen der letzten Jahre erhellten an verschiedenen Beispielen strategische Gewohnheiten beim Aufbau dieser fr\u00e4nkischer Milit\u00e4ranlagen.<\/p>\n<p>F\u00fcr die Beurteilung der Situation in Waldau ist besonders die Erkenntnis brisant, dass sich fr\u00e4nkische Verteidigungseinrichtungen scheinbar oft in dominanten H\u00f6henlagen befanden, wie j\u00fcngst bei der Untersuchung der beiden Kastelle in und gegen\u00fcber Magdeburg best\u00e4tigt werden konnte<span class=\"footnote_referrer\"><a role=\"button\" tabindex=\"0\" onclick=\"footnote_moveToReference_352_1('footnote_plugin_reference_352_1_14');\" onkeypress=\"footnote_moveToReference_352_1('footnote_plugin_reference_352_1_14');\" ><sup id=\"footnote_plugin_tooltip_352_1_14\" class=\"footnote_plugin_tooltip_text\">[14]<\/sup><\/a><span id=\"footnote_plugin_tooltip_text_352_1_14\" class=\"footnote_tooltip\">Henning (2011): S. 133\u2013144<\/span><\/span><script type=\"text\/javascript\"> jQuery('#footnote_plugin_tooltip_352_1_14').tooltip({ tip: '#footnote_plugin_tooltip_text_352_1_14', tipClass: 'footnote_tooltip', effect: 'fade', predelay: 0, fadeInSpeed: 200, delay: 400, fadeOutSpeed: 200, position: 'top center', relative: true, offset: [-7, 0], });<\/script>.<\/p>\n<p>Nun trifft diese Lagepr\u00e4ferenz aber f\u00fcr den Ort des Waldauer K\u00f6nigshofes nicht zu, da sich jener, gemeinsam mit der gesamten Ortslage Waldau, zwar auf dem erh\u00f6hten Saaleufer, aber keineswegs auf einer dominanten Bergkuppe befindet.<\/p>\n<div id=\"attachment_370\" style=\"width: 265px\" class=\"wp-caption alignright\"><a href=\"http:\/\/www.boehlk.eu\/mittelalterorte\/files\/2012\/04\/lage-bernburg.jpg\" rel=\"lightbox[352]\"><img loading=\"lazy\" decoding=\"async\" aria-describedby=\"caption-attachment-370\" class=\"size-medium wp-image-370\" src=\"http:\/\/www.boehlk.eu\/mittelalterorte\/files\/2012\/04\/lage-bernburg-255x300.jpg\" alt=\"\" width=\"255\" height=\"300\" srcset=\"https:\/\/www.boehlk.eu\/mittelalterorte\/files\/2012\/04\/lage-bernburg-255x300.jpg 255w, https:\/\/www.boehlk.eu\/mittelalterorte\/files\/2012\/04\/lage-bernburg.jpg 680w\" sizes=\"auto, (max-width: 255px) 100vw, 255px\" \/><\/a><p id=\"caption-attachment-370\" class=\"wp-caption-text\">K\u00f6nigsh\u00f6fe, Befestigungen und Grabenwerke um Bernburg Karte: Olaf B\u00f6hlk,\u00a0Kartendaten: \u00a9 OpenStreetMap cc-by-sa<\/p><\/div>\n<p>Hier ist die Frage nach einer Differenzierung einzelner Funktionsbereiche im fr\u00fchmittelalterlichen Waldau zu stellen. Interessante Hinweise ergeben sich dazu aus der Untersuchung einer zwar weitaus bedeutenderen aber topografisch mit der Lage Waldaus durchaus vergleichbaren Anlage im Stadtgebiet des heutigen mainfr\u00e4nkischen Ortes Karlstadt.<\/p>\n<p>Dort dokumentierte eine gro\u00dfangelegte Grabungskampagne die r\u00e4umliche Gliederung eines gro\u00dfen fr\u00e4nkischen K\u00f6nigshofes, der \u201evilla Karloburg\u201c<span class=\"footnote_referrer\"><a role=\"button\" tabindex=\"0\" onclick=\"footnote_moveToReference_352_1('footnote_plugin_reference_352_1_15');\" onkeypress=\"footnote_moveToReference_352_1('footnote_plugin_reference_352_1_15');\" ><sup id=\"footnote_plugin_tooltip_352_1_15\" class=\"footnote_plugin_tooltip_text\">[15]<\/sup><\/a><span id=\"footnote_plugin_tooltip_text_352_1_15\" class=\"footnote_tooltip\">Ettel, Peter (2005): Karlburg und der \u00fcberregionale G\u00fcteraustausch im karolingischen Reich, S. 139\u2013151<\/span><\/span><script type=\"text\/javascript\"> jQuery('#footnote_plugin_tooltip_352_1_15').tooltip({ tip: '#footnote_plugin_tooltip_text_352_1_15', tipClass: 'footnote_tooltip', effect: 'fade', predelay: 0, fadeInSpeed: 200, delay: 400, fadeOutSpeed: 200, position: 'top center', relative: true, offset: [-7, 0], });<\/script>.<\/p>\n<p>Interessant ist, dass sich auch in Karlstadt die fr\u00e4nkische \u201evilla\u201c entlang der Kante einer hochwasserfreien Terrasse, westlich des Flusses erstreckte und von einer in einer Furt das Maintal querenden Stra\u00dfe durchzogen wurde.<\/p>\n<div style=\"width: 522px\" class=\"wp-caption aligncenter\"><a href=\"http:\/\/de.wikipedia.org\/w\/index.php?title=Datei:Karlburg_vom_Edelwei\u00df.JPG&amp;filetimestamp=20110118193502\"><img loading=\"lazy\" decoding=\"async\" class=\"   \" src=\"http:\/\/upload.wikimedia.org\/wikipedia\/commons\/thumb\/8\/89\/Karlburg_vom_Edelwei\u00df.JPG\/800px-Karlburg_vom_Edelwei\u00df.JPG\" alt=\"\" width=\"512\" height=\"384\" \/><\/a><p class=\"wp-caption-text\">Das Karlburger Tal. ( Quelle: Wikipedia Urheber: Benutzer Gerdt, UlrichAAB Lizenz: cc-by-sa V 3.0 Creative Commons-Lizenz Namensnennung-Weitergabe unter gleichen Bedingungen 3.0 Unported)<\/p><\/div>\n<p>Die N\u00e4he zum Fluss erkl\u00e4rt sich durch die Bedeutung des Wasserweges Main f\u00fcr den Transport von Waren und Milit\u00e4rg\u00fctern. Ein Binnenhafen konnte nachgewiesen werden.<br \/>\nDie Anlage des K\u00f6nigshofes Karlburg gliederte sich in einen Kernbereich mit Marienkloster, Handwerkerviertel und Wohnsiedlung mit landwirtschaftlicher Nutzung.<br \/>\nOberhalb des K\u00f6nigshofes, auf einer dominanten H\u00f6he westlich des Flusses, lag ein Kastell, welches den milit\u00e4rischen Schutz der Talsiedlung \u00fcbernahm. Diese Burg befand sich an einer Hangkante, die die Befestigung an der Talseite bildete. Ein viertelkreisf\u00f6rmiger Abschnittswall grenzte das Burgplateau vom restlichen Berg ab.<\/p>\n<p>S\u00fcdlich, unterhalb des Kastells gab es eine weitere Furt \u00fcber den Main und n\u00f6rdlich, auf einer etwa 3 km stromabw\u00e4rts auf dem gegen\u00fcberliegenden, hochgelegenen \u00f6stlichen Mainufer gelegen, eine weitere fr\u00e4nkische Befestigungsanlage.<\/p>\n<div id=\"attachment_372\" style=\"width: 594px\" class=\"wp-caption aligncenter\"><a href=\"http:\/\/www.boehlk.eu\/mittelalterorte\/files\/2012\/04\/Karte-Waldau-Karlburg.jpg\" rel=\"lightbox[352]\"><img loading=\"lazy\" decoding=\"async\" aria-describedby=\"caption-attachment-372\" class=\"size-large wp-image-372\" src=\"http:\/\/www.boehlk.eu\/mittelalterorte\/files\/2012\/04\/Karte-Waldau-Karlburg-1024x701.jpg\" alt=\"\" width=\"584\" height=\"399\" srcset=\"https:\/\/www.boehlk.eu\/mittelalterorte\/files\/2012\/04\/Karte-Waldau-Karlburg-1024x701.jpg 1024w, https:\/\/www.boehlk.eu\/mittelalterorte\/files\/2012\/04\/Karte-Waldau-Karlburg-300x205.jpg 300w, https:\/\/www.boehlk.eu\/mittelalterorte\/files\/2012\/04\/Karte-Waldau-Karlburg-437x300.jpg 437w, https:\/\/www.boehlk.eu\/mittelalterorte\/files\/2012\/04\/Karte-Waldau-Karlburg.jpg 1100w\" sizes=\"auto, (max-width: 584px) 100vw, 584px\" \/><\/a><p id=\"caption-attachment-372\" class=\"wp-caption-text\">Ma\u00dfst\u00e4blicher Vergleich des K\u00f6nigshofes in Karlburg (Main) (links) mit der Situation in Bernburg. Karte Olaf B\u00f6hlk,\u00a0Kartendaten: \u00a9 OpenStreetMap cc-by-sa<\/p><\/div>\n<p>Die \u00c4hnlichkeiten zu Waldau reichen aber noch weiter, denn die fr\u00e4nkische Siedlung am K\u00f6nigshof Karlburg wurde &#8211; wie Waldau &#8211; gr\u00f6\u00dftenteils zur W\u00fcstung. Sie verlor ihre vorherrschende Stellung zugunsten einer gotischen Stadtgr\u00fcndung des Hochmittelalters auf der gegen\u00fcberliegenden \u00f6stlichen Mainseite, dem heutigen Karlstadt.<\/p>\n<p>Halbkreisf\u00f6rmige Abschnittsgr\u00e4ben und die H\u00f6henlage an einer Hangkante kennzeichnen auch die beiden Kastelle in und gegen\u00fcber Magdeburg (Domplatz und Hohenwarthe-Kastell).<\/p>\n<div id=\"attachment_373\" style=\"width: 310px\" class=\"wp-caption aligncenter\"><a href=\"http:\/\/www.boehlk.eu\/mittelalterorte\/files\/2012\/04\/Groessenvergleich-Erdwerke.png\" rel=\"lightbox[352]\"><img loading=\"lazy\" decoding=\"async\" aria-describedby=\"caption-attachment-373\" class=\"size-medium wp-image-373 \" src=\"http:\/\/www.boehlk.eu\/mittelalterorte\/files\/2012\/04\/Groessenvergleich-Erdwerke-300x276.png\" alt=\"\" width=\"300\" height=\"276\" srcset=\"https:\/\/www.boehlk.eu\/mittelalterorte\/files\/2012\/04\/Groessenvergleich-Erdwerke-300x276.png 300w, https:\/\/www.boehlk.eu\/mittelalterorte\/files\/2012\/04\/Groessenvergleich-Erdwerke-326x300.png 326w, https:\/\/www.boehlk.eu\/mittelalterorte\/files\/2012\/04\/Groessenvergleich-Erdwerke.png 800w\" sizes=\"auto, (max-width: 300px) 100vw, 300px\" \/><\/a><p id=\"caption-attachment-373\" class=\"wp-caption-text\">Gr\u00f6\u00dfenvergleich einiger fr\u00e4nkischer Verteidigungsanlagen mit dem Grabenwerk auf dem Bernburger Tanzplan. Die Anlagen wurden jeweils an der Hangkante ausgerichtet. Grafik: Olaf B\u00f6hlk<\/p><\/div>\n<p>Als ein weiteres Merkmal fr\u00e4nkischer Erdwerke unserer Gegend konnten hier gestaffelte Spitzgrabensysteme nachgewiesen werden, die zumindest als Doppelgraben ausgef\u00fchrt waren<span class=\"footnote_referrer\"><a role=\"button\" tabindex=\"0\" onclick=\"footnote_moveToReference_352_1('footnote_plugin_reference_352_1_16');\" onkeypress=\"footnote_moveToReference_352_1('footnote_plugin_reference_352_1_16');\" ><sup id=\"footnote_plugin_tooltip_352_1_16\" class=\"footnote_plugin_tooltip_text\">[16]<\/sup><\/a><span id=\"footnote_plugin_tooltip_text_352_1_16\" class=\"footnote_tooltip\">Henning (2011): S.\u00a0142<\/span><\/span><script type=\"text\/javascript\"> jQuery('#footnote_plugin_tooltip_352_1_16').tooltip({ tip: '#footnote_plugin_tooltip_text_352_1_16', tipClass: 'footnote_tooltip', effect: 'fade', predelay: 0, fadeInSpeed: 200, delay: 400, fadeOutSpeed: 200, position: 'top center', relative: true, offset: [-7, 0], });<\/script>.<\/p>\n<div id=\"attachment_374\" style=\"width: 212px\" class=\"wp-caption alignright\"><a href=\"http:\/\/www.boehlk.eu\/mittelalterorte\/files\/2012\/04\/Karte-Magdeburg-und-Umgebung.jpg\" rel=\"lightbox[352]\"><img loading=\"lazy\" decoding=\"async\" aria-describedby=\"caption-attachment-374\" class=\"size-medium wp-image-374\" src=\"http:\/\/www.boehlk.eu\/mittelalterorte\/files\/2012\/04\/Karte-Magdeburg-und-Umgebung-202x300.jpg\" alt=\"\" width=\"202\" height=\"300\" srcset=\"https:\/\/www.boehlk.eu\/mittelalterorte\/files\/2012\/04\/Karte-Magdeburg-und-Umgebung-202x300.jpg 202w, https:\/\/www.boehlk.eu\/mittelalterorte\/files\/2012\/04\/Karte-Magdeburg-und-Umgebung.jpg 541w\" sizes=\"auto, (max-width: 202px) 100vw, 202px\" \/><\/a><p id=\"caption-attachment-374\" class=\"wp-caption-text\">Lage der beiden fr\u00e4nkischen Befestigungsanlagen (Domfelsen im Westen, Kastell Hohenwarthe im Osten) in Magdeburg. Kartendaten: \u00a9 OpenStreetMap cc-by-sa<\/p><\/div>\n<p>Wie schon bei den beiden beidseitig des Flusses liegenden fr\u00e4nkischen Kastell-Anlagen bei Karlburg liegt die \u00f6stliche Befestigung auch bei Magdeburg etwas flussabw\u00e4rts.<br \/>\nProf. Dr. Henning, der Ausgr\u00e4ber des Hohenwarthe-Kastells bei Magdeburg weist bez\u00fcglich dieser Lage auf die Einbeziehung der Stromrichtung in die strategische Konzeption von beidseitig von Fl\u00fcssen gelegenen Verteilungsbauten hin: Da eine geradlinige \u00dcberquerung eines Stromes mit einem Boot bei Hochwasser fast unm\u00f6glich ist, war es sinnvoll, die gegen\u00fcberliegende Befestigungsanlage etwas weiter stromabw\u00e4rts zu errichten<span class=\"footnote_referrer\"><a role=\"button\" tabindex=\"0\" onclick=\"footnote_moveToReference_352_1('footnote_plugin_reference_352_1_17');\" onkeypress=\"footnote_moveToReference_352_1('footnote_plugin_reference_352_1_17');\" ><sup id=\"footnote_plugin_tooltip_352_1_17\" class=\"footnote_plugin_tooltip_text\">[17]<\/sup><\/a><span id=\"footnote_plugin_tooltip_text_352_1_17\" class=\"footnote_tooltip\">Henning (2011): S. 140<\/span><\/span><script type=\"text\/javascript\"> jQuery('#footnote_plugin_tooltip_352_1_17').tooltip({ tip: '#footnote_plugin_tooltip_text_352_1_17', tipClass: 'footnote_tooltip', effect: 'fade', predelay: 0, fadeInSpeed: 200, delay: 400, fadeOutSpeed: 200, position: 'top center', relative: true, offset: [-7, 0], });<\/script>.<\/p>\n<p>Beidseitig von Fl\u00fcssen errichtete Burganlagen sollten nicht nur als \u201eGrenzbefestigungen\u201c verstanden werden. Sie dienten bei der Bedeutung der Wasser- und sie im Talgrund begleitenden Landwege auch als wichtige Verkehrssicherungsanlagen.<\/p>\n<div id=\"attachment_417\" style=\"width: 710px\" class=\"wp-caption aligncenter\"><a href=\"http:\/\/www.boehlk.eu\/mittelalterorte\/files\/2012\/04\/Grosse-Aue.jpg\" rel=\"lightbox[352]\"><img loading=\"lazy\" decoding=\"async\" aria-describedby=\"caption-attachment-417\" class=\" wp-image-417 \" src=\"http:\/\/www.boehlk.eu\/mittelalterorte\/files\/2012\/04\/Grosse-Aue.jpg\" alt=\"\" width=\"700\" height=\"544\" srcset=\"https:\/\/www.boehlk.eu\/mittelalterorte\/files\/2012\/04\/Grosse-Aue.jpg 700w, https:\/\/www.boehlk.eu\/mittelalterorte\/files\/2012\/04\/Grosse-Aue-300x233.jpg 300w, https:\/\/www.boehlk.eu\/mittelalterorte\/files\/2012\/04\/Grosse-Aue-386x300.jpg 386w\" sizes=\"auto, (max-width: 700px) 100vw, 700px\" \/><\/a><p id=\"caption-attachment-417\" class=\"wp-caption-text\">Rekonstruktion historischer Saalel\u00e4ufe anhand von Bodenuntersuchungen in der &#8222;Gro\u00dfen Aue&#8220; unterhalb Bernburgs nach Friedrich Kalle (1926), Kartengrafik: Olaf B\u00f6hlk<\/p><\/div>\n<p>Vor dem Hintergrund der arch\u00e4ologischen Erkenntnisse von den fr\u00e4nkischen St\u00fctzpunkten in Karlburg und Magdeburg erscheint auch die fr\u00fchmittelalterliche Lage in Bernburg in einem neuen Licht.<\/p>\n<style>\n       .errordiv { padding:10px; margin:10px; border: 1px solid #555555;color: #000000;background-color: #f8f8f8; width:500px; }#advanced_iframe {visibility:visible;opacity:1;vertical-align:top;}.ai-info-bottom-iframe { position: fixed; z-index: 10000; bottom:0; left: 0; margin: 0px; text-align: center; width: 100%; background-color: #ff9999; padding-left: 5px;padding-bottom: 5px; border-top: 1px solid #aaa } a.ai-bold {font-weight: bold;}#ai-layer-div-advanced_iframe p {height:100%;margin:0;padding:0}<\/style><script type=\"text\/javascript\">var ai_iframe_width_advanced_iframe = 0;var ai_iframe_height_advanced_iframe = 0;var aiOnloadScrollTop=\"true\";var aiShowDebug=false;\n\t\tif (typeof aiReadyCallbacks === 'undefined') {\n\t\t\tvar aiReadyCallbacks = [];\n\t\t} else if (!(aiReadyCallbacks instanceof Array)) {\n\t\t\tvar aiReadyCallbacks = [];\n\t\t}    function aiShowIframeId(id_iframe) { jQuery(\"#\"+id_iframe).css(\"visibility\", \"visible\");    }    function aiResizeIframeHeight(height) { aiResizeIframeHeight(height,advanced_iframe); }    function aiResizeIframeHeightId(height,width,id) {aiResizeIframeHeightById(id,height);}<\/script><iframe id=\"advanced_iframe\"  name=\"advanced_iframe\"  src=\"https:\/\/data.mittelalterorte.de\/animation-tanzplan\/animation-luftbild-grabenwerk-Tanzplan-Bernburg.html\"  width=\"100%\"  height=\"480\"  scrolling=\"no\"  frameborder=\"0\"  border=\"0\"  allowtransparency=\"true\"  loading=\"lazy\"  style=\";border-width: 0px;;border: none;;width:100%;height:480px;\" ><\/iframe><script type=\"text\/javascript\">var ifrm_advanced_iframe = document.getElementById(\"advanced_iframe\");var hiddenTabsDoneadvanced_iframe = false;\nfunction resizeCallbackadvanced_iframe() {}<\/script><script type=\"text\/javascript\"><\/script><p style=\"display:block !important; visibility:visible !important;margin: -18px 14px 0 0;padding-left: 3px;padding-top:3px;background: white; overflow: hidden; position: relative; line-height:15px;width: fit-content;\"><small style=\"display:block !important;visibility:visible !important\">powered by Advanced iFrame<\/small><\/p>\n<p><span style=\"color: #339966;\">Das Luftbild zeigt das Grabenwerk auf dem Bernburger Tanzplan. Das\u00a0Pflanzenwachstum (hier Zuckerr\u00fcben) reagiert auf St\u00f6rungen im Boden und den daraus resultierenden Feuchteunterschieden und zeichnet somit verborgene Strukturen im Luftbild ab. Foto: \u00a9 Steffen Mainka,<span style=\"color: #339966;\"><a title=\"www.fotofliegen.de\" href=\"http:\/\/www.fotofliegen.de\" target=\"_blank\" rel=\"noopener\">http:\/\/www.fotofliegen.de<\/a>\u00a0\u00a0<\/span><\/span><\/p>\n<p><span style=\"color: #339966;\"><a href=\"http:\/\/www.boehlk.eu\/mittelalterorte\/files\/2012\/04\/grabenwerk-tanzplan-bernburg-unbearbeitet.jpg\" rel=\"lightbox[352]\"><img loading=\"lazy\" decoding=\"async\" class=\"alignright size-thumbnail wp-image-438\" title=\"grabenwerk-tanzplan-bernburg-unbearbeitet\" src=\"http:\/\/www.boehlk.eu\/mittelalterorte\/files\/2012\/04\/grabenwerk-tanzplan-bernburg-unbearbeitet-150x150.jpg\" alt=\"\" width=\"150\" height=\"150\" \/><\/a>Wird die HTML5-Animation nicht angezeigt? Hier sehen Sie eine statische Version des Bildes.<\/span><\/p>\n<p>Zus\u00e4tzlich zum bereits lokalisierten K\u00f6nigshof m\u00fcsste in Zukunft nach der ihn am Flussufer begleitenden Siedlung (auch mit slawischen <span class=\"footnote_referrer\"><a role=\"button\" tabindex=\"0\" onclick=\"footnote_moveToReference_352_1('footnote_plugin_reference_352_1_18');\" onkeypress=\"footnote_moveToReference_352_1('footnote_plugin_reference_352_1_18');\" ><sup id=\"footnote_plugin_tooltip_352_1_18\" class=\"footnote_plugin_tooltip_text\">[18]<\/sup><\/a><span id=\"footnote_plugin_tooltip_text_352_1_18\" class=\"footnote_tooltip\">Henning (2011): S. 135<\/span><\/span><script type=\"text\/javascript\"> jQuery('#footnote_plugin_tooltip_352_1_18').tooltip({ tip: '#footnote_plugin_tooltip_text_352_1_18', tipClass: 'footnote_tooltip', effect: 'fade', predelay: 0, fadeInSpeed: 200, delay: 400, fadeOutSpeed: 200, position: 'top center', relative: true, offset: [-7, 0], });<\/script> Funden) und vor allem nach einem den K\u00f6nigshof sch\u00fctzenden Kastell auf einer dominanten H\u00f6he gesucht werden. Ihm gegen\u00fcber, etwas stromabw\u00e4rts und ebenfalls in H\u00f6henlage kann eine korrespondierende Verteilungsanlage auf dem \u00f6stlichen Flussufer vermutet werden.<\/p>\n<p><strong>In diesem Zusammenhang ergeben sich neue Fragestellungen zur Funktion des gro\u00dfen halbkreisf\u00f6rmigen Grabenwerkes auf dem Tanzplan am Ke\u00dflerturm.<\/strong><\/p>\n<p>Lassen wir uns von zuk\u00fcnftigen arch\u00e4ologischen Grabungen \u00fcberraschen!<\/p>\n<h2>Weiterlesen<\/h2>\n<ul>\n<li><a href=\"http:\/\/gsefm.academia.edu\/JoachimHenning\/Papers\/1161107\/Das_Kastell_contra_Magadaburg_von_806_AD_und_die_karolingischen_Kastelle_an_der_Elbe-Saale-Grenze_Ausgrabungen_auf_dem_Weinberg_von_Hohenwarthe_in_Archaologie_in_Sachsen-Anhalt_-_Sonderband_16_2011_pp._133_-_144\" target=\"_blank\" rel=\"noopener\">Das Kastell &#8222;contra Magadaburg&#8220; von 806 AD und die karolingischen Kastelle an der Elbe-Saale-Grenze: Ausgrabungen auf dem Weinberg von Hohenwarthe\u201c, in: Arch\u00e4ologie in Sachsen-Anhalt \u2013 Sonderband 16, 2011, pp. 133 \u2013 144.<\/a><\/li>\n<li><a href=\"http:\/\/frankenland.franconica.uni-wuerzburg.de\/login\/data\/2002_6.pdf\" target=\"_blank\" rel=\"noopener\">Karlburg: Kloster, Dorf, Burg, K\u00f6nigshof<\/a><\/li>\n<li><a href=\"http:\/\/www.archaeozoologie-prilloff.de\/grafix\/SchaufensterArchaeologie.pdf\" target=\"_blank\" rel=\"noopener\">Kunz, Brigitta (2005): Schaufenster der Arch\u00e4ologie &#8211; 1200 Jahre Magdeburg. In: Schaufenster der Arch\u00e4ologie &#8211; Neues aus der arch\u00e4ologischen Forschung in Magdeburg, S. 15\u201328.<\/a><\/li>\n<\/ul>\n<h2>Literatur<\/h2>\n<p>[references class=&#8220;compact&#8220; \/]<\/p>\n<div class=\"speaker-mute footnotes_reference_container\"> <div class=\"footnote_container_prepare\"><p><span role=\"button\" tabindex=\"0\" class=\"footnote_reference_container_label pointer\" onclick=\"footnote_expand_collapse_reference_container_352_1();\">Fu\u00dfnoten<\/span><span role=\"button\" tabindex=\"0\" class=\"footnote_reference_container_collapse_button\" style=\"display: none;\" onclick=\"footnote_expand_collapse_reference_container_352_1();\">[<a id=\"footnote_reference_container_collapse_button_352_1\">+<\/a>]<\/span><\/p><\/div> <div id=\"footnote_references_container_352_1\" style=\"\"><table class=\"footnotes_table footnote-reference-container\"><caption class=\"accessibility\">Fu\u00dfnoten<\/caption> <tbody> \r\n\r\n<tr class=\"footnotes_plugin_reference_row\"> <th scope=\"row\" class=\"footnote_plugin_index_combi pointer\"  onclick=\"footnote_moveToAnchor_352_1('footnote_plugin_tooltip_352_1_1');\"><a id=\"footnote_plugin_reference_352_1_1\" class=\"footnote_backlink\"><span class=\"footnote_index_arrow\">&#8593;<\/span>1<\/a><\/th> <td class=\"footnote_plugin_text\">Neuss, Erich (1969): Die Gr\u00fcndung des Erzbistums Magdeburg und die Anf\u00e4nge des Christentums im erzstiftischen S\u00fcdterritorium (Saalkreis). In: Franz Schrader (Hg.): Beitr\u00e4ge zur Geschichte des Erzbistums Magdeburg. Leipzig: St.-Benno-Verl. (Studien zur katholischen Bistums- und Klostergeschichte, 11), S. 46<\/td><\/tr>\r\n\r\n<tr class=\"footnotes_plugin_reference_row\"> <th scope=\"row\" class=\"footnote_plugin_index_combi pointer\"  onclick=\"footnote_moveToAnchor_352_1('footnote_plugin_tooltip_352_1_2');\"><a id=\"footnote_plugin_reference_352_1_2\" class=\"footnote_backlink\"><span class=\"footnote_index_arrow\">&#8593;<\/span>2<\/a><\/th> <td class=\"footnote_plugin_text\">Kettemann, Walter (2000): Subsidia Anianensia. Duisburg, 2000. Online verf\u00fcgbar unter <span class=\"footnote_url_wrap\">http:\/\/duepublico.uni-duisburg-essen.de\/servlets\/DerivateServlet\/Derivate-19910\/Kettemann_Diss.pdf<\/span> \u00a0S. Beilage 2, S. 109<\/td><\/tr>\r\n\r\n<tr class=\"footnotes_plugin_reference_row\"> <th scope=\"row\" class=\"footnote_plugin_index_combi pointer\"  onclick=\"footnote_moveToAnchor_352_1('footnote_plugin_tooltip_352_1_3');\"><a id=\"footnote_plugin_reference_352_1_3\" class=\"footnote_backlink\"><span class=\"footnote_index_arrow\">&#8593;<\/span>3<\/a><\/th> <td class=\"footnote_plugin_text\">Sch\u00fctte, Bernd (2007): Quellenkritische Untersuchungen zur Ersterw\u00e4hnung von Halle\/S, im Jahre 806., S. 24<\/td><\/tr>\r\n\r\n<tr class=\"footnotes_plugin_reference_row\"> <th scope=\"row\" class=\"footnote_plugin_index_combi pointer\"  onclick=\"footnote_moveToAnchor_352_1('footnote_plugin_tooltip_352_1_4');\"><a id=\"footnote_plugin_reference_352_1_4\" class=\"footnote_backlink\"><span class=\"footnote_index_arrow\">&#8593;<\/span>4<\/a><\/th> <td class=\"footnote_plugin_text\">Ettel (2005): S. 139<\/td><\/tr>\r\n\r\n<tr class=\"footnotes_plugin_reference_row\"> <th scope=\"row\" class=\"footnote_plugin_index_combi pointer\"  onclick=\"footnote_moveToAnchor_352_1('footnote_plugin_tooltip_352_1_5');\"><a id=\"footnote_plugin_reference_352_1_5\" class=\"footnote_backlink\"><span class=\"footnote_index_arrow\">&#8593;<\/span>5<\/a><\/th> <td class=\"footnote_plugin_text\">Springer, Matthias (2009): Zwischen (H)Ermunduren und Th\u00fcringern besteht kein Zusammenhang, 01.01.2009, S. 153<\/td><\/tr>\r\n\r\n<tr class=\"footnotes_plugin_reference_row\"> <th scope=\"row\" class=\"footnote_plugin_index_combi pointer\"  onclick=\"footnote_moveToAnchor_352_1('footnote_plugin_tooltip_352_1_6');\"><a id=\"footnote_plugin_reference_352_1_6\" class=\"footnote_backlink\"><span class=\"footnote_index_arrow\">&#8593;<\/span>6<\/a><\/th> <td class=\"footnote_plugin_text\">Tautscher, Anton (1974): Wirtschaftsgeschichte \u00d6sterreichs auf der Grundlage abendl\u00e4ndischer Kulturgeschichte. Berlin: Duncker und Humblot (Tautscher 1974, S. 99\u2013100)<\/td><\/tr>\r\n\r\n<tr class=\"footnotes_plugin_reference_row\"> <th scope=\"row\" class=\"footnote_plugin_index_combi pointer\"  onclick=\"footnote_moveToAnchor_352_1('footnote_plugin_tooltip_352_1_7');\"><a id=\"footnote_plugin_reference_352_1_7\" class=\"footnote_backlink\"><span class=\"footnote_index_arrow\">&#8593;<\/span>7<\/a><\/th> <td class=\"footnote_plugin_text\">Peucker, Eduard von (1860): Das deutsche Kriegswesen der Urzeiten in seinen Verbindungen und Wechselwirkungen mit dem gleichzeitigen Staats- und Volksleben. Berlin: Decker S. 186<\/td><\/tr>\r\n\r\n<tr class=\"footnotes_plugin_reference_row\"> <th scope=\"row\" class=\"footnote_plugin_index_combi pointer\"  onclick=\"footnote_moveToAnchor_352_1('footnote_plugin_tooltip_352_1_8');\"><a id=\"footnote_plugin_reference_352_1_8\" class=\"footnote_backlink\"><span class=\"footnote_index_arrow\">&#8593;<\/span>8<\/a><\/th> <td class=\"footnote_plugin_text\">von Peucker (1860): S. 186<\/td><\/tr>\r\n\r\n<tr class=\"footnotes_plugin_reference_row\"> <th scope=\"row\" class=\"footnote_plugin_index_combi pointer\"  onclick=\"footnote_moveToAnchor_352_1('footnote_plugin_tooltip_352_1_9');\"><a id=\"footnote_plugin_reference_352_1_9\" class=\"footnote_backlink\"><span class=\"footnote_index_arrow\">&#8593;<\/span>9<\/a><\/th> <td class=\"footnote_plugin_text\">Siehe zu &#8222;scara&#8220; auch Bachrach, Bernard S. (2001): Early Carolingian warfare. Prelude to empire. Philadelphia, Pa: Univ. of Pennsylvania Press (The Middle Ages series). S. 80-82<\/td><\/tr>\r\n\r\n<tr class=\"footnotes_plugin_reference_row\"> <th scope=\"row\" class=\"footnote_plugin_index_combi pointer\"  onclick=\"footnote_moveToAnchor_352_1('footnote_plugin_tooltip_352_1_10');\"><a id=\"footnote_plugin_reference_352_1_10\" class=\"footnote_backlink\"><span class=\"footnote_index_arrow\">&#8593;<\/span>10<\/a><\/th> <td class=\"footnote_plugin_text\">Quelle: Wikipedia &#8211; <span class=\"footnote_url_wrap\">http:\/\/de.wikipedia.org\/wiki\/Panzerreiter<\/span><\/td><\/tr>\r\n\r\n<tr class=\"footnotes_plugin_reference_row\"> <th scope=\"row\" class=\"footnote_plugin_index_combi pointer\"  onclick=\"footnote_moveToAnchor_352_1('footnote_plugin_tooltip_352_1_11');\"><a id=\"footnote_plugin_reference_352_1_11\" class=\"footnote_backlink\"><span class=\"footnote_index_arrow\">&#8593;<\/span>11<\/a><\/th> <td class=\"footnote_plugin_text\">Henning, Joachim (2011): Das Kastell contra Magadaburg von 806 AD und die karolingischen Kastelle an der Elbe-Saale-Grenze. Ausgrabungen auf dem Weinberg von Hohenwarthe. Frankfurt am Main. In: Arch\u00e4ologie in Sachsen-Anhalt, 2011 (Sonderband 16), S. 142\u2013143<\/td><\/tr>\r\n\r\n<tr class=\"footnotes_plugin_reference_row\"> <th scope=\"row\" class=\"footnote_plugin_index_combi pointer\"  onclick=\"footnote_moveToAnchor_352_1('footnote_plugin_tooltip_352_1_12');\"><a id=\"footnote_plugin_reference_352_1_12\" class=\"footnote_backlink\"><span class=\"footnote_index_arrow\">&#8593;<\/span>12<\/a><\/th> <td class=\"footnote_plugin_text\">Grimm, Paul (1958): Die vor- und fr\u00fchgeschichtlichen Burgw\u00e4lle der Bezirke Halle und Magdeburg. Berlin: Akad.-Verl. (Handbuch vor- und fr\u00fchgeschichtlicher Wall- und Wehranlagen, 1) S. 201<\/td><\/tr>\r\n\r\n<tr class=\"footnotes_plugin_reference_row\"> <th scope=\"row\" class=\"footnote_plugin_index_combi pointer\"  onclick=\"footnote_moveToAnchor_352_1('footnote_plugin_tooltip_352_1_13');\"><a id=\"footnote_plugin_reference_352_1_13\" class=\"footnote_backlink\"><span class=\"footnote_index_arrow\">&#8593;<\/span>13<\/a><\/th> <td class=\"footnote_plugin_text\">Assing, Helmut (1993): Die R\u00e4tsel der ersten Potsdamer Urkunde. In: Jahrbuch f\u00fcr brandenburgische Landesgeschichte (44), S. 19<\/td><\/tr>\r\n\r\n<tr class=\"footnotes_plugin_reference_row\"> <th scope=\"row\" class=\"footnote_plugin_index_combi pointer\"  onclick=\"footnote_moveToAnchor_352_1('footnote_plugin_tooltip_352_1_14');\"><a id=\"footnote_plugin_reference_352_1_14\" class=\"footnote_backlink\"><span class=\"footnote_index_arrow\">&#8593;<\/span>14<\/a><\/th> <td class=\"footnote_plugin_text\">Henning (2011): S. 133\u2013144<\/td><\/tr>\r\n\r\n<tr class=\"footnotes_plugin_reference_row\"> <th scope=\"row\" class=\"footnote_plugin_index_combi pointer\"  onclick=\"footnote_moveToAnchor_352_1('footnote_plugin_tooltip_352_1_15');\"><a id=\"footnote_plugin_reference_352_1_15\" class=\"footnote_backlink\"><span class=\"footnote_index_arrow\">&#8593;<\/span>15<\/a><\/th> <td class=\"footnote_plugin_text\">Ettel, Peter (2005): Karlburg und der \u00fcberregionale G\u00fcteraustausch im karolingischen Reich, S. 139\u2013151<\/td><\/tr>\r\n\r\n<tr class=\"footnotes_plugin_reference_row\"> <th scope=\"row\" class=\"footnote_plugin_index_combi pointer\"  onclick=\"footnote_moveToAnchor_352_1('footnote_plugin_tooltip_352_1_16');\"><a id=\"footnote_plugin_reference_352_1_16\" class=\"footnote_backlink\"><span class=\"footnote_index_arrow\">&#8593;<\/span>16<\/a><\/th> <td class=\"footnote_plugin_text\">Henning (2011): S.\u00a0142<\/td><\/tr>\r\n\r\n<tr class=\"footnotes_plugin_reference_row\"> <th scope=\"row\" class=\"footnote_plugin_index_combi pointer\"  onclick=\"footnote_moveToAnchor_352_1('footnote_plugin_tooltip_352_1_17');\"><a id=\"footnote_plugin_reference_352_1_17\" class=\"footnote_backlink\"><span class=\"footnote_index_arrow\">&#8593;<\/span>17<\/a><\/th> <td class=\"footnote_plugin_text\">Henning (2011): S. 140<\/td><\/tr>\r\n\r\n<tr class=\"footnotes_plugin_reference_row\"> <th scope=\"row\" class=\"footnote_plugin_index_combi pointer\"  onclick=\"footnote_moveToAnchor_352_1('footnote_plugin_tooltip_352_1_18');\"><a id=\"footnote_plugin_reference_352_1_18\" class=\"footnote_backlink\"><span class=\"footnote_index_arrow\">&#8593;<\/span>18<\/a><\/th> <td class=\"footnote_plugin_text\">Henning (2011): S. 135<\/td><\/tr>\r\n\r\n <\/tbody> <\/table> <\/div><\/div><script type=\"text\/javascript\"> function footnote_expand_reference_container_352_1() { jQuery('#footnote_references_container_352_1').show(); jQuery('#footnote_reference_container_collapse_button_352_1').text('\u2212'); } function footnote_collapse_reference_container_352_1() { jQuery('#footnote_references_container_352_1').hide(); jQuery('#footnote_reference_container_collapse_button_352_1').text('+'); } function footnote_expand_collapse_reference_container_352_1() { if (jQuery('#footnote_references_container_352_1').is(':hidden')) { footnote_expand_reference_container_352_1(); } else { footnote_collapse_reference_container_352_1(); } } function footnote_moveToReference_352_1(p_str_TargetID) { footnote_expand_reference_container_352_1(); var l_obj_Target = jQuery('#' + p_str_TargetID); if (l_obj_Target.length) { jQuery( 'html, body' ).delay( 0 ); jQuery('html, body').animate({ scrollTop: l_obj_Target.offset().top - window.innerHeight * 0.2 }, 380); } } function footnote_moveToAnchor_352_1(p_str_TargetID) { footnote_expand_reference_container_352_1(); var l_obj_Target = jQuery('#' + p_str_TargetID); if (l_obj_Target.length) { jQuery( 'html, body' ).delay( 0 ); jQuery('html, body').animate({ scrollTop: l_obj_Target.offset().top - window.innerHeight * 0.2 }, 380); } }<\/script>","protected":false},"excerpt":{"rendered":"<p>Der Bernburger Stadtteil Waldau spielte scheinbar bei der Entstehung der hochmittelalterlichen Stadt Bernburg eine erheblich gr\u00f6\u00dfere Rolle als bisher angenommen wurde. Hier befand sich der westliche der beiden f\u00fcr die spiegelbildliche Gestalt des Bernburger Stadtgrundrisses verantwortlichen fr\u00fchmittelalterlichen Spannungspole. Der Kern &hellip; <a href=\"https:\/\/www.boehlk.eu\/mittelalterorte\/der-waldauer-konigshof-im-spiegel-neuer-erkenntnisse-zu-frankischen-verteidigungsanlagen\/\">Weiterlesen <span class=\"meta-nav\">&rarr;<\/span><\/a><\/p>\n","protected":false},"author":1,"featured_media":0,"parent":0,"menu_order":0,"comment_status":"open","ping_status":"open","template":"sidebar-page.php","meta":{"footnotes":""},"class_list":["post-352","page","type-page","status-publish","hentry"],"_links":{"self":[{"href":"https:\/\/www.boehlk.eu\/mittelalterorte\/wp-json\/wp\/v2\/pages\/352","targetHints":{"allow":["GET"]}}],"collection":[{"href":"https:\/\/www.boehlk.eu\/mittelalterorte\/wp-json\/wp\/v2\/pages"}],"about":[{"href":"https:\/\/www.boehlk.eu\/mittelalterorte\/wp-json\/wp\/v2\/types\/page"}],"author":[{"embeddable":true,"href":"https:\/\/www.boehlk.eu\/mittelalterorte\/wp-json\/wp\/v2\/users\/1"}],"replies":[{"embeddable":true,"href":"https:\/\/www.boehlk.eu\/mittelalterorte\/wp-json\/wp\/v2\/comments?post=352"}],"version-history":[{"count":71,"href":"https:\/\/www.boehlk.eu\/mittelalterorte\/wp-json\/wp\/v2\/pages\/352\/revisions"}],"predecessor-version":[{"id":1175,"href":"https:\/\/www.boehlk.eu\/mittelalterorte\/wp-json\/wp\/v2\/pages\/352\/revisions\/1175"}],"wp:attachment":[{"href":"https:\/\/www.boehlk.eu\/mittelalterorte\/wp-json\/wp\/v2\/media?parent=352"}],"curies":[{"name":"wp","href":"https:\/\/api.w.org\/{rel}","templated":true}]}}